{"id":213,"date":"2019-01-15T10:15:29","date_gmt":"2019-01-15T10:15:29","guid":{"rendered":"http:\/\/pepcc.inesctec.pt\/?page_id=213"},"modified":"2020-11-05T09:21:01","modified_gmt":"2020-11-05T09:21:01","slug":"timeline","status":"publish","type":"page","link":"https:\/\/pepcc.inesctec.pt\/?page_id=213","title":{"rendered":"Timeline"},"content":{"rendered":"\t\t\t<!-- Cool Timeline Free V3.3.1 -->\n\t\t\t<div class=\"ctl-wrapper\" role=\"region\" aria-label=\"Timeline\">\n\t\t\t\t<div class=\"ctl-before-content\"><div class=\"timeline-main-title\"><h1>PEPCC Timeline (2018 - Ongoing)<\/h1><\/div><\/div>\t\t\t\t<div id=\"cool_timeline_1\" class=\"cool-timeline-wrapper ctl-both-sided ctl-vertical-wrapper\" >\n\t\t\t\t\t<div class=\"ctl-start\"><\/div>\n\t\t\t\t\t<!-- Timeline Container -->\n\t\t\t\t\t<div class=\"ctl-timeline ctl-timeline-container\" data-animation=\"none\">\n\t\t\t\t\t\t<!-- Center Line -->\n\t\t\t\t\t\t<div class=\"ctl-inner-line\" role=\"presentation\"><\/div>\n\t\t\t\t\t\t\t\t\t\t\t\t<!-- Story Year Section --><div data-cls=\"sc-nv-light vertical\" class=\"timeline-year scrollable-section ctl-year ctl-year-container light-year\" data-section-title=\"2020\" id=\"year-2020\"><div class=\"ctl-year-label ctl-year-text\"><span>2020<\/span><\/div><\/div><!-- Timeline Content --><div  id=\"ctl-story-759\" class=\"ctl-story ctl-story-icon odd ctl-story-right\" data-aos=\"none\"   data-story-index=\"1\" role=\"article\"><!-- Story Date --><div class=\"ctl-labels\"><div class=\"ctl-label-big story-date\">November 11<\/div><\/div><!-- Story Icon --><div class=\"ctl-icon\"><i class= \" fab fa-github\" aria-hidden =\"true\"><\/i><\/div> <!-- Story Arrow --><div class=\"ctl-arrow\"><\/div><!-- Story Content --><div class=\"ctl-content\"><!-- Story Title --><div class=\"ctl-title story-759\" aria-label=\"2\">Creation of Code Repository for Chisel-based Hardware Architectures<\/div><!-- Story Description --><div class=\"ctl-description\">Creation of GitHub repository for exploration of hardware architectures for accelerators, CGRA designs, or other modules, targetable by the compilation and transformation tools in the <a href=\"https:\/\/github.com\/specs-feup\/specs-hw\">Binary Translation Framework<\/a> repository.\r\n\r\n<a href=\"https:\/\/pepcc.inesctec.pt\/?page_id=467\">See Repositories page<\/a> &#8211; <a href=\"https:\/\/github.com\/specs-feup\/specs-chisel\">See repository on GitHub<\/a><\/div><\/div><\/div><!-- Timeline Content --><div  id=\"ctl-story-579\" class=\"ctl-story ctl-story-icon even ctl-story-left\" data-aos=\"none\"   data-story-index=\"2\" role=\"article\"><!-- Story Date --><div class=\"ctl-labels\"><div class=\"ctl-label-big story-date\">September 9<\/div><\/div><!-- Story Icon --><div class=\"ctl-icon\"><i class= \"fa fa fa fa-film\" aria-hidden =\"true\"><\/i><\/div> <!-- Story Arrow --><div class=\"ctl-arrow\"><\/div><!-- Story Content --><div class=\"ctl-content\"><!-- Story Title --><div class=\"ctl-title story-579\" aria-label=\"2\">Demo Booth at FPL2020 (Virtual)<\/div><!-- Story Media --><div class=\"ctl-media full\"><a data-glightbox=\"Demo Booth at FPL2020 (Virtual)\" href=\"https:\/\/pepcc.inesctec.pt\/wp-content\/uploads\/2020\/09\/fpl2020logo.png\" class=\"ctl_glightbox\"><img fetchpriority=\"high\" decoding=\"async\" width=\"640\" height=\"151\" src=\"https:\/\/pepcc.inesctec.pt\/wp-content\/uploads\/2020\/09\/fpl2020logo-1024x241.png\" class=\"story-img wp-post-image\" alt=\"Demo Booth at FPL2020 (Virtual)\" srcset=\"https:\/\/pepcc.inesctec.pt\/wp-content\/uploads\/2020\/09\/fpl2020logo-1024x241.png 1024w, https:\/\/pepcc.inesctec.pt\/wp-content\/uploads\/2020\/09\/fpl2020logo-300x71.png 300w, https:\/\/pepcc.inesctec.pt\/wp-content\/uploads\/2020\/09\/fpl2020logo-768x181.png 768w, https:\/\/pepcc.inesctec.pt\/wp-content\/uploads\/2020\/09\/fpl2020logo-1536x362.png 1536w, https:\/\/pepcc.inesctec.pt\/wp-content\/uploads\/2020\/09\/fpl2020logo.png 1593w\" sizes=\"(max-width: 640px) 100vw, 640px\" \/><\/a><\/div><!-- Story Description --><div class=\"ctl-description\"><p>Nuno Paulino, Jo\u00e3o C. Ferreira, Jo\u00e3o Bispo, and Jo\u00e3o M.P. Cardoso, 2020, <em>&#8220;Executing ARMv8 Loop Traces on Reconfigurable Accelerator via Binary Translation Framework&#8221;<\/em>, Demo Booth and Short Paper in Field Programmable Logic and Applications (FPL), August 31 &#8211; September 4<\/p>\n<p><a href=\"https:\/\/drive.google.com\/file\/d\/1a3LQIpOziVu3MnV6Ja5cRZJnbiS4i330\/view?usp=sharing\">View Demo Video<\/a> &#8211; <a href=\"https:\/\/pepcc.inesctec.pt\/wp-content\/uploads\/2020\/09\/fpl2020Poster_v1.pdf\">View Poster<\/a><\/p>\n<p><a href=\"https:\/\/pepcc.inesctec.pt\/wp-content\/uploads\/2020\/09\/PID6489971.pdf\">View Abstract<\/a> &#8211; <a href=\"https:\/\/ieeexplore.ieee.org\/document\/9221508\">View on IEEEXplore\u00ae<\/a><\/p>\n<\/div><\/div><\/div><!-- Timeline Content --><div  id=\"ctl-story-681\" class=\"ctl-story ctl-story-icon odd ctl-story-right\" data-aos=\"none\"   data-story-index=\"3\" role=\"article\"><!-- Story Date --><div class=\"ctl-labels\"><div class=\"ctl-label-big story-date\">August 20<\/div><\/div><!-- Story Icon --><div class=\"ctl-icon\"><i class= \"fa fa fa-github\" aria-hidden =\"true\"><\/i><\/div> <!-- Story Arrow --><div class=\"ctl-arrow\"><\/div><!-- Story Content --><div class=\"ctl-content\"><!-- Story Title --><div class=\"ctl-title story-681\" aria-label=\"2\">Binary Translation Framework Update #2<\/div><!-- Story Description --><div class=\"ctl-description\"><p>Tagged version <a href=\"https:\/\/github.com\/specs-feup\/specs-hw\/releases\/tag\/v0.2\">v0.2<\/a> of Binary Translation Framework capable of generating HDL from the developed ANTLR based intermediate representations of the detected binary segments, for MicroBlaze and ARMv8!<\/p>\n<\/div><\/div><\/div><!-- Timeline Content --><div  id=\"ctl-story-574\" class=\"ctl-story ctl-story-icon even ctl-story-left\" data-aos=\"none\"   data-story-index=\"4\" role=\"article\"><!-- Story Date --><div class=\"ctl-labels\"><div class=\"ctl-label-big story-date\">August 18<\/div><\/div><!-- Story Icon --><div class=\"ctl-icon\"><i class=\"fa fa-clock-o\" aria-hidden=\"true\"><\/i><\/div> <!-- Story Arrow --><div class=\"ctl-arrow\"><\/div><!-- Story Content --><div class=\"ctl-content\"><!-- Story Title --><div class=\"ctl-title story-574\" aria-label=\"2\">Journal Publication #8<\/div><!-- Story Media --><div class=\"ctl-media full\"><a data-glightbox=\"Journal Publication #8\" href=\"https:\/\/pepcc.inesctec.pt\/wp-content\/uploads\/2020\/09\/pauli1-3017552-large.gif\" class=\"ctl_glightbox\"><img decoding=\"async\" width=\"640\" height=\"226\" src=\"https:\/\/pepcc.inesctec.pt\/wp-content\/uploads\/2020\/09\/pauli1-3017552-large.gif\" class=\"story-img wp-post-image\" alt=\"Journal Publication #8\" \/><\/a><\/div><!-- Story Description --><div class=\"ctl-description\"><p>N. Paulino, J. C. Ferreira and J. M. P. Cardoso, &#8220;<em>Optimizing OpenCL Code for Performance on FPGA: k-Means Case Study With Integer Data Sets<\/em>&#8220;, in IEEE Access, vol. 8, pp. 152286-152304, 2020, doi: 10.1109\/ACCESS.2020.3017552.<\/p>\n<p><a href=\"https:\/\/ieeexplore.ieee.org\/document\/9170625\">View on IEEEXplore\u00ae<\/a><\/p>\n<\/div><\/div><\/div><!-- Timeline Content --><div  id=\"ctl-story-611\" class=\"ctl-story ctl-story-icon odd ctl-story-right\" data-aos=\"none\"   data-story-index=\"5\" role=\"article\"><!-- Story Date --><div class=\"ctl-labels\"><div class=\"ctl-label-big story-date\">July 30<\/div><\/div><!-- Story Icon --><div class=\"ctl-icon\"><i class=\"fa fa-clock-o\" aria-hidden=\"true\"><\/i><\/div> <!-- Story Arrow --><div class=\"ctl-arrow\"><\/div><!-- Story Content --><div class=\"ctl-content\"><!-- Story Title --><div class=\"ctl-title story-611\" aria-label=\"2\">Data #3<\/div><!-- Story Description --><div class=\"ctl-description\"><p>Nuno Paulino, 2020, <em>&#8220;A Batch of Integer Data Sets for Clustering Algorithms&#8221;<\/em><\/p>\n<p><a href=\"https:\/\/www.researchgate.net\/publication\/343255948_A_Batch_of_Integer_Data_Sets_for_Clustering_Algorithms\">View on ResearchGate<\/a><\/p>\n<\/div><\/div><\/div><!-- Timeline Content --><div  id=\"ctl-story-608\" class=\"ctl-story ctl-story-icon even ctl-story-left\" data-aos=\"none\"   data-story-index=\"6\" role=\"article\"><!-- Story Date --><div class=\"ctl-labels\"><div class=\"ctl-label-big story-date\">July 20<\/div><\/div><!-- Story Icon --><div class=\"ctl-icon\"><i class=\"fa fa-clock-o\" aria-hidden=\"true\"><\/i><\/div> <!-- Story Arrow --><div class=\"ctl-arrow\"><\/div><!-- Story Content --><div class=\"ctl-content\"><!-- Story Title --><div class=\"ctl-title story-608\" aria-label=\"2\">Utility #1<\/div><!-- Story Media --><div class=\"ctl-media full\"><a data-glightbox=\"Utility #1\" href=\"https:\/\/pepcc.inesctec.pt\/wp-content\/uploads\/2020\/09\/exampledataset.jpg\" class=\"ctl_glightbox\"><img decoding=\"async\" width=\"508\" height=\"365\" src=\"https:\/\/pepcc.inesctec.pt\/wp-content\/uploads\/2020\/09\/exampledataset.jpg\" class=\"story-img wp-post-image\" alt=\"Utility #1\" srcset=\"https:\/\/pepcc.inesctec.pt\/wp-content\/uploads\/2020\/09\/exampledataset.jpg 508w, https:\/\/pepcc.inesctec.pt\/wp-content\/uploads\/2020\/09\/exampledataset-300x216.jpg 300w\" sizes=\"(max-width: 508px) 100vw, 508px\" \/><\/a><\/div><!-- Story Description --><div class=\"ctl-description\"><p>Nuno Paulino, 2020, &#8220;<em>A Generator of Randomly Correlated N-Dimentional Clusters<\/em>&#8221;<\/p>\n<p><a href=\"https:\/\/www.researchgate.net\/publication\/343255786_A_Generator_of_Randomly_Correlated_N-Dimentional_Clusters\">View on ResearchGate<\/a><\/p>\n<\/div><\/div><\/div><!-- Timeline Content --><div  id=\"ctl-story-751\" class=\"ctl-story ctl-story-icon odd ctl-story-right\" data-aos=\"none\"   data-story-index=\"7\" role=\"article\"><!-- Story Date --><div class=\"ctl-labels\"><div class=\"ctl-label-big story-date\">June 8<\/div><\/div><!-- Story Icon --><div class=\"ctl-icon\"><i class=\"fa fa-clock-o\" aria-hidden=\"true\"><\/i><\/div> <!-- Story Arrow --><div class=\"ctl-arrow\"><\/div><!-- Story Content --><div class=\"ctl-content\"><!-- Story Title --><div class=\"ctl-title story-751\" aria-label=\"2\">Journal Publication #7<\/div><!-- Story Description --><div class=\"ctl-description\"><p>Mario V\u00e9stias, Rui P. Duarte, Jos\u00e9 T. de Sousa, Hor\u00e1cio C. Neto,&#8221;<em>A Configurable Architecture for Running Hybrid Convolutional Neural Networks in Low-Density FPGAs<\/em>&#8220;, in <em>IEEE Access<\/em>, vol. 8, pp. 107229-107243, 08 June 2020<\/p>\n<p><a href=\"https:\/\/ieeexplore.ieee.org\/document\/9110581\">View on IEEEXplore\u00ae<\/a><\/p>\n<\/div><\/div><\/div><!-- Timeline Content --><div  id=\"ctl-story-725\" class=\"ctl-story ctl-story-icon even ctl-story-left\" data-aos=\"none\"   data-story-index=\"8\" role=\"article\"><!-- Story Date --><div class=\"ctl-labels\"><div class=\"ctl-label-big story-date\">May 18<\/div><\/div><!-- Story Icon --><div class=\"ctl-icon\"><i class=\"fa fa-clock-o\" aria-hidden=\"true\"><\/i><\/div> <!-- Story Arrow --><div class=\"ctl-arrow\"><\/div><!-- Story Content --><div class=\"ctl-content\"><!-- Story Title --><div class=\"ctl-title story-725\" aria-label=\"2\">Journal Publication #6<\/div><!-- Story Description --><div class=\"ctl-description\"><p>Mario V\u00e9stias, Rui P. Duarte, Jos\u00e9 T. de Sousa, Hor\u00e1cio C. Neto, &#8220;<em>Moving Deep Learning to the Edge<\/em>&#8220;,\u00a0<em>Algorithms<\/em> 2020, <em>13<\/em>, 12, 18 May 2020, https:\/\/doi.org\/10.3390\/a13050125<\/p>\n<p><a href=\"https:\/\/www.mdpi.com\/1999-4893\/13\/5\/125\">View on MDPI\u00ae<\/a><\/p>\n<\/div><\/div><\/div><!-- Timeline Content --><div  id=\"ctl-story-743\" class=\"ctl-story ctl-story-icon odd ctl-story-right\" data-aos=\"none\"   data-story-index=\"9\" role=\"article\"><!-- Story Date --><div class=\"ctl-labels\"><div class=\"ctl-label-big story-date\">May 14<\/div><\/div><!-- Story Icon --><div class=\"ctl-icon\"><i class=\"fa fa-clock-o\" aria-hidden=\"true\"><\/i><\/div> <!-- Story Arrow --><div class=\"ctl-arrow\"><\/div><!-- Story Content --><div class=\"ctl-content\"><!-- Story Title --><div class=\"ctl-title story-743\" aria-label=\"2\">Journal Publication #5<\/div><!-- Story Description --><div class=\"ctl-description\"><p>M\u00e1rio V\u00e9stias, Rui P. Duarte, Jos\u00e9 T. de Sousa, Hor\u00e1cio C. Neto, &#8220;A fast and scalable architecture to run convolutional neural networks in low density FPGAs&#8221;, Microprocessors and Microsystems, Volume 77, 2020, 14 May 2020<\/p>\n<p><a href=\"https:\/\/www.sciencedirect.com\/science\/article\/pii\/S0141933120303033\">View on Elsevier<\/a><\/p>\n<\/div><\/div><\/div><!-- Timeline Content --><div  id=\"ctl-story-723\" class=\"ctl-story ctl-story-icon even ctl-story-left\" data-aos=\"none\"   data-story-index=\"10\" role=\"article\"><!-- Story Date --><div class=\"ctl-labels\"><div class=\"ctl-label-big story-date\">March 25<\/div><\/div><!-- Story Icon --><div class=\"ctl-icon\"><i class=\"fa fa-clock-o\" aria-hidden=\"true\"><\/i><\/div> <!-- Story Arrow --><div class=\"ctl-arrow\"><\/div><!-- Story Content --><div class=\"ctl-content\"><!-- Story Title --><div class=\"ctl-title story-723\" aria-label=\"2\">Journal Publication #4<\/div><!-- Story Description --><div class=\"ctl-description\"><p>Valter M\u00e1rio, Jo\u00e3o D. Lopes, Mario V\u00e9stias, Jos\u00e9 T. de Sousa, &#8220;<em>Implementing CNNs Using a Linear Array of Full Mesh CGRAs<\/em>&#8220;, In: Rinc\u00f3n F., Barba J., So H., Diniz P., Caba J. (eds) <em>Applied Reconfigurable Computing. Architectures, Tools, and Applications<\/em>. ARC 2020. Lecture Notes in Computer Science, vol 12083. Springer, Cham.<\/p>\n<p><a href=\"https:\/\/link.springer.com\/chapter\/10.1007\/978-3-030-44534-8_22#citeas\">View on Springer\u00ae<\/a><\/p>\n<\/div><\/div><\/div><!-- Timeline Content --><div  id=\"ctl-story-662\" class=\"ctl-story ctl-story-icon odd ctl-story-right\" data-aos=\"none\"   data-story-index=\"11\" role=\"article\"><!-- Story Date --><div class=\"ctl-labels\"><div class=\"ctl-label-big story-date\">March 9<\/div><\/div><!-- Story Icon --><div class=\"ctl-icon\"><i class=\"fa fa-clock-o\" aria-hidden=\"true\"><\/i><\/div> <!-- Story Arrow --><div class=\"ctl-arrow\"><\/div><!-- Story Content --><div class=\"ctl-content\"><!-- Story Title --><div class=\"ctl-title story-662\" aria-label=\"2\">Demo Booth at DATE2020 (Virtual)<\/div><!-- Story Media --><div class=\"ctl-media full\"><a data-glightbox=\"Demo Booth at DATE2020 (Virtual)\" href=\"https:\/\/pepcc.inesctec.pt\/wp-content\/uploads\/2020\/09\/date2020logo.png\" class=\"ctl_glightbox\"><img loading=\"lazy\" decoding=\"async\" width=\"503\" height=\"130\" src=\"https:\/\/pepcc.inesctec.pt\/wp-content\/uploads\/2020\/09\/date2020logo.png\" class=\"story-img wp-post-image\" alt=\"Demo Booth at DATE2020 (Virtual)\" srcset=\"https:\/\/pepcc.inesctec.pt\/wp-content\/uploads\/2020\/09\/date2020logo.png 503w, https:\/\/pepcc.inesctec.pt\/wp-content\/uploads\/2020\/09\/date2020logo-300x78.png 300w\" sizes=\"(max-width: 503px) 100vw, 503px\" \/><\/a><\/div><!-- Story Description --><div class=\"ctl-description\"><p>Nuno Paulino and Jo\u00e3o C. Ferreira, 2020, <em>&#8220;A Binary Translation Framework for Automated Hardware Generation&#8221;<\/em>, Demo Booth at Design Automation and Test in Europe (DATE), Grenoble, France, 9 &#8211; 13 March 2020<\/p>\n<p><a href=\"https:\/\/drive.google.com\/file\/d\/1EQVMQRnkXHeSTZjqjgPIm9O2NrYTNC_h\/view?usp=sharing\">View Demo Video<\/a> &#8211; <a href=\"https:\/\/ieeexplore.ieee.org\/stamp\/stamp.jsp?arnumber=9116424\">View on IEEEXplore\u00ae<\/a><\/p>\n<p><a href=\"https:\/\/pepcc.inesctec.pt\/wp-content\/uploads\/2020\/07\/date2020_ID308.pdf\">View Poster<\/a> &#8211; <a href=\"https:\/\/pepcc.inesctec.pt\/wp-content\/uploads\/2020\/09\/date2020_abstract.pdf\">View Abstract<\/a><\/p>\n<\/div><\/div><\/div><!-- Timeline Content --><div  id=\"ctl-story-517\" class=\"ctl-story ctl-story-icon even ctl-story-left\" data-aos=\"none\"   data-story-index=\"12\" role=\"article\"><!-- Story Date --><div class=\"ctl-labels\"><div class=\"ctl-label-big story-date\">February 10<\/div><\/div><!-- Story Icon --><div class=\"ctl-icon\"><i class= \"fa fa fa fa fa fa fa-comment\" aria-hidden =\"true\"><\/i><\/div> <!-- Story Arrow --><div class=\"ctl-arrow\"><\/div><!-- Story Content --><div class=\"ctl-content\"><!-- Story Title --><div class=\"ctl-title story-517\" aria-label=\"2\">Short Keynote<\/div><!-- Story Description --><div class=\"ctl-description\"><p>Presentation of a short keynote regarding published journal paper &#8220;<em>Improving Performance and Energy Consumption in Embedded Systems via Binary Acceleration: A Survey<\/em>&#8220;, at the 16th edition of national conference REC, held at the &#8220;Instituto Superior T\u00e9cnico&#8221;, Lisbon.<\/p>\n<p><a href=\"https:\/\/web.tecnico.ulisboa.pt\/~ist14551\/rec2020\/\">View Conference Page<\/a> &#8211; <a href=\"https:\/\/pepcc.inesctec.pt\/wp-content\/uploads\/2020\/09\/CSUR_Presentation.pdf\">View Presentation<\/a><\/p>\n<\/div><\/div><\/div><!-- Timeline Content --><div  id=\"ctl-story-606\" class=\"ctl-story ctl-story-icon odd ctl-story-right\" data-aos=\"none\"   data-story-index=\"13\" role=\"article\"><!-- Story Date --><div class=\"ctl-labels\"><div class=\"ctl-label-big story-date\">February 9<\/div><\/div><!-- Story Icon --><div class=\"ctl-icon\"><i class= \"fa fa fa fa-database\" aria-hidden =\"true\"><\/i><\/div> <!-- Story Arrow --><div class=\"ctl-arrow\"><\/div><!-- Story Content --><div class=\"ctl-content\"><!-- Story Title --><div class=\"ctl-title story-606\" aria-label=\"2\">Data #2<\/div><!-- Story Description --><div class=\"ctl-description\"><p>Nuno Paulino, Jo\u00e3o C. Ferreira, and Jo\u00e3o M. P. Cardoso, \u201c<em>A Breakdown of Binary Acceleration Approaches and Systems\u2033<\/em>, 2020<\/p>\n<p><a href=\"https:\/\/www.researchgate.net\/publication\/339201392_A_Breakdown_of_Binary_Acceleration_Approaches_and_Systems\">View on ResearchGate<\/a><\/p>\n<\/div><\/div><\/div><!-- Timeline Content --><div  id=\"ctl-story-601\" class=\"ctl-story ctl-story-icon even ctl-story-left\" data-aos=\"none\"   data-story-index=\"14\" role=\"article\"><!-- Story Date --><div class=\"ctl-labels\"><div class=\"ctl-label-big story-date\">February 9<\/div><\/div><!-- Story Icon --><div class=\"ctl-icon\"><i class= \"fa fa fa fa-database\" aria-hidden =\"true\"><\/i><\/div> <!-- Story Arrow --><div class=\"ctl-arrow\"><\/div><!-- Story Content --><div class=\"ctl-content\"><!-- Story Title --><div class=\"ctl-title story-601\" aria-label=\"2\">Data #1<\/div><!-- Story Media --><div class=\"ctl-media full\"><a data-glightbox=\"Data #1\" href=\"https:\/\/pepcc.inesctec.pt\/wp-content\/uploads\/2020\/09\/csur5301-06-f01.jpg\" class=\"ctl_glightbox\"><img loading=\"lazy\" decoding=\"async\" width=\"618\" height=\"351\" src=\"https:\/\/pepcc.inesctec.pt\/wp-content\/uploads\/2020\/09\/csur5301-06-f01.jpg\" class=\"story-img wp-post-image\" alt=\"Data #1\" srcset=\"https:\/\/pepcc.inesctec.pt\/wp-content\/uploads\/2020\/09\/csur5301-06-f01.jpg 618w, https:\/\/pepcc.inesctec.pt\/wp-content\/uploads\/2020\/09\/csur5301-06-f01-300x170.jpg 300w\" sizes=\"(max-width: 618px) 100vw, 618px\" \/><\/a><\/div><!-- Story Description --><div class=\"ctl-description\"><p>Nuno Paulino, Jo\u00e3o C. Ferreira, and Jo\u00e3o M. P. Cardoso, &#8220;<em>A Dataset for Desktop Processor Characteristics from 1970 to 2019&#8243;<\/em>, 2020<\/p>\n<p><a href=\"https:\/\/www.researchgate.net\/publication\/339537412_A_Dataset_for_Desktop_Processor_Characteristics_from_1970_to_2019\">View on ResearchGate<\/a><\/p>\n<\/div><\/div><\/div><!-- Timeline Content --><div  id=\"ctl-story-512\" class=\"ctl-story ctl-story-icon odd ctl-story-right\" data-aos=\"none\"   data-story-index=\"15\" role=\"article\"><!-- Story Date --><div class=\"ctl-labels\"><div class=\"ctl-label-big story-date\">February 8<\/div><\/div><!-- Story Icon --><div class=\"ctl-icon\"><i class= \"fa fa fa fa fa fa fa fa-file-text\" aria-hidden =\"true\"><\/i><\/div> <!-- Story Arrow --><div class=\"ctl-arrow\"><\/div><!-- Story Content --><div class=\"ctl-content\"><!-- Story Title --><div class=\"ctl-title story-512\" aria-label=\"2\">Journal Publication #3<\/div><!-- Story Media --><div class=\"ctl-media full\"><a data-glightbox=\"Journal Publication #3\" href=\"https:\/\/pepcc.inesctec.pt\/wp-content\/uploads\/2020\/09\/csursurveyfig.jpg\" class=\"ctl_glightbox\"><img loading=\"lazy\" decoding=\"async\" width=\"640\" height=\"426\" src=\"https:\/\/pepcc.inesctec.pt\/wp-content\/uploads\/2020\/09\/csursurveyfig.jpg\" class=\"story-img wp-post-image\" alt=\"Journal Publication #3\" srcset=\"https:\/\/pepcc.inesctec.pt\/wp-content\/uploads\/2020\/09\/csursurveyfig.jpg 640w, https:\/\/pepcc.inesctec.pt\/wp-content\/uploads\/2020\/09\/csursurveyfig-300x200.jpg 300w\" sizes=\"(max-width: 640px) 100vw, 640px\" \/><\/a><\/div><!-- Story Description --><div class=\"ctl-description\"><p>Nuno Paulino, Jo\u00e3o Canas Ferreira, and Jo\u00e3o M. P. Cardoso. 2020. <em>&#8220;Improving Performance and Energy Consumption in Embedded Systems via Binary Acceleration: A Survey&#8221;.<\/em> ACM Comput. Surv. 53, 1, Article 6 (February 2020), 36 pages. DOI:https:\/\/doi.org\/10.1145\/3369764<\/p>\n<p><a href=\"https:\/\/dl.acm.org\/doi\/10.1145\/3369764\">View on ACM Digital Library<\/a><\/p>\n<\/div><\/div><\/div><!-- Timeline Content --><div  id=\"ctl-story-676\" class=\"ctl-story ctl-story-icon even ctl-story-left\" data-aos=\"none\"   data-story-index=\"16\" role=\"article\"><!-- Story Date --><div class=\"ctl-labels\"><div class=\"ctl-label-big story-date\">January 23<\/div><\/div><!-- Story Icon --><div class=\"ctl-icon\"><i class= \"fa fa fa fa-github\" aria-hidden =\"true\"><\/i><\/div> <!-- Story Arrow --><div class=\"ctl-arrow\"><\/div><!-- Story Content --><div class=\"ctl-content\"><!-- Story Title --><div class=\"ctl-title story-676\" aria-label=\"2\">Binary Translation Framework Update #1<\/div><!-- Story Media --><div class=\"ctl-media full\"><a data-glightbox=\"Binary Translation Framework Update #1\" href=\"https:\/\/pepcc.inesctec.pt\/wp-content\/uploads\/2020\/09\/graph_1009916891.png\" class=\"ctl_glightbox\"><img loading=\"lazy\" decoding=\"async\" width=\"386\" height=\"332\" src=\"https:\/\/pepcc.inesctec.pt\/wp-content\/uploads\/2020\/09\/graph_1009916891.png\" class=\"story-img wp-post-image\" alt=\"Binary Translation Framework Update #1\" srcset=\"https:\/\/pepcc.inesctec.pt\/wp-content\/uploads\/2020\/09\/graph_1009916891.png 386w, https:\/\/pepcc.inesctec.pt\/wp-content\/uploads\/2020\/09\/graph_1009916891-300x258.png 300w\" sizes=\"(max-width: 386px) 100vw, 386px\" \/><\/a><\/div><!-- Story Description --><div class=\"ctl-description\"><p>Tagged version <a href=\"https:\/\/github.com\/specs-feup\/specs-hw\/releases\/tag\/v0.1\">v0.1<\/a> of Binary Translation Framework capable of generating graph visualizations and profile data for detected binary instruction segments for 32-bit MicroBlaze and ARMv8 ISAs. Supported segments include static and trace frequent instruction sequences, and static basic blocks!<\/p>\n<\/div><\/div><\/div><!-- Story Year Section --><div data-cls=\"sc-nv-light vertical\" class=\"timeline-year scrollable-section ctl-year ctl-year-container light-year\" data-section-title=\"2019\" id=\"year-2019\"><div class=\"ctl-year-label ctl-year-text\"><span>2019<\/span><\/div><\/div><!-- Timeline Content --><div  id=\"ctl-story-443\" class=\"ctl-story ctl-story-icon odd ctl-story-right\" data-aos=\"none\"   data-story-index=\"17\" role=\"article\"><!-- Story Date --><div class=\"ctl-labels\"><div class=\"ctl-label-big story-date\">November 7<\/div><\/div><!-- Story Icon --><div class=\"ctl-icon\"><i class= \"fa fa fa fa fa-file-text\" aria-hidden =\"true\"><\/i><\/div> <!-- Story Arrow --><div class=\"ctl-arrow\"><\/div><!-- Story Content --><div class=\"ctl-content\"><!-- Story Title --><div class=\"ctl-title story-443\" aria-label=\"2\">Conference Publication #2<\/div><!-- Story Media --><div class=\"ctl-media full\"><a data-glightbox=\"Conference Publication #2\" href=\"https:\/\/pepcc.inesctec.pt\/wp-content\/uploads\/2020\/09\/vesti1-488400a350-large.gif\" class=\"ctl_glightbox\"><img loading=\"lazy\" decoding=\"async\" width=\"640\" height=\"682\" src=\"https:\/\/pepcc.inesctec.pt\/wp-content\/uploads\/2020\/09\/vesti1-488400a350-large.gif\" class=\"story-img wp-post-image\" alt=\"Conference Publication #2\" \/><\/a><\/div><!-- Story Description --><div class=\"ctl-description\"><p>M. P. V\u00e9stias, R. Policarpo Duarte, J. T. de Sousa and H. Neto, <em>\u201cHybrid Dot-Product Calculation for Convolutional Neural Networks in FPGA\u201d<\/em>, 2019 29th International Conference on Field Programmable Logic and Applications (FPL), Barcelona, Spain, 2019, pp. 350-353. doi: 10.1109\/FPL.2019.00062<\/p>\n<p><a href=\"https:\/\/ieeexplore.ieee.org\/abstract\/document\/8892075\">View on IEEEXplore\u00ae<\/a><\/p>\n<\/div><\/div><\/div><!-- Timeline Content --><div  id=\"ctl-story-713\" class=\"ctl-story ctl-story-icon even ctl-story-left\" data-aos=\"none\"   data-story-index=\"18\" role=\"article\"><!-- Story Date --><div class=\"ctl-labels\"><div class=\"ctl-label-big story-date\">September 19<\/div><\/div><!-- Story Icon --><div class=\"ctl-icon\"><i class=\"fa fa-clock-o\" aria-hidden=\"true\"><\/i><\/div> <!-- Story Arrow --><div class=\"ctl-arrow\"><\/div><!-- Story Content --><div class=\"ctl-content\"><!-- Story Title --><div class=\"ctl-title story-713\" aria-label=\"2\">Journal Publication #2<\/div><!-- Story Description --><div class=\"ctl-description\"><p>Mario V\u00e9stias, Rui P. Duarte, Jos\u00e9 T. de Sousa, Hor\u00e1cio C. Neto, &#8220;<em>Fast Convolutional Neural Networks in Low Density FPGAs Using Zero-Skipping and Weight Pruning<\/em>&#8220;, <em>Electronics<\/em> 2019, <em>8<\/em>, 1321<\/p>\n<p><a href=\"https:\/\/www.mdpi.com\/2079-9292\/8\/11\/1321#cite\">View on MDPI<\/a><\/p>\n<\/div><\/div><\/div><!-- Timeline Content --><div  id=\"ctl-story-613\" class=\"ctl-story ctl-story-icon odd ctl-story-right\" data-aos=\"none\"   data-story-index=\"19\" role=\"article\"><!-- Story Date --><div class=\"ctl-labels\"><div class=\"ctl-label-big story-date\">September 17<\/div><\/div><!-- Story Icon --><div class=\"ctl-icon\"><i class= \" fab fa-github\" aria-hidden =\"true\"><\/i><\/div> <!-- Story Arrow --><div class=\"ctl-arrow\"><\/div><!-- Story Content --><div class=\"ctl-content\"><!-- Story Title --><div class=\"ctl-title story-613\" aria-label=\"2\">Creation of Code Repository for Binary Translation Tools<\/div><!-- Story Description --><div class=\"ctl-description\"><p>Creation of GitHub repository for implementation of Binary Translation Framework.<\/p>\n<p><a href=\"https:\/\/pepcc.inesctec.pt\/?page_id=467\">See Repositories page<\/a> &#8211; <a href=\"https:\/\/github.com\/specs-feup\/specs-hw\">See repository on GitHub<\/a><\/p>\n<\/div><\/div><\/div><!-- Timeline Content --><div  id=\"ctl-story-423\" class=\"ctl-story ctl-story-icon even ctl-story-left\" data-aos=\"none\"   data-story-index=\"20\" role=\"article\"><!-- Story Date --><div class=\"ctl-labels\"><div class=\"ctl-label-big story-date\">May 1<\/div><\/div><!-- Story Icon --><div class=\"ctl-icon\"><i class= \"fa fa fa-file-text\" aria-hidden =\"true\"><\/i><\/div> <!-- Story Arrow --><div class=\"ctl-arrow\"><\/div><!-- Story Content --><div class=\"ctl-content\"><!-- Story Title --><div class=\"ctl-title story-423\" aria-label=\"2\">Conference Publication #1<\/div><!-- Story Media --><div class=\"ctl-media full\"><a data-glightbox=\"Conference Publication #1\" href=\"https:\/\/pepcc.inesctec.pt\/wp-content\/uploads\/2020\/09\/fiolhais.png\" class=\"ctl_glightbox\"><img loading=\"lazy\" decoding=\"async\" width=\"640\" height=\"321\" src=\"https:\/\/pepcc.inesctec.pt\/wp-content\/uploads\/2020\/09\/fiolhais.png\" class=\"story-img wp-post-image\" alt=\"Conference Publication #1\" srcset=\"https:\/\/pepcc.inesctec.pt\/wp-content\/uploads\/2020\/09\/fiolhais.png 749w, https:\/\/pepcc.inesctec.pt\/wp-content\/uploads\/2020\/09\/fiolhais-300x151.png 300w\" sizes=\"(max-width: 640px) 100vw, 640px\" \/><\/a><\/div><!-- Story Description --><div class=\"ctl-description\"><p>L. Fiolhais, F. Gon\u00e7alves, R. P. Duarte, M. V\u00e9stias and J. T. de Sousa, <em>\u201cLow Energy Heterogeneous Computing with Multiple RISC-V and CGRA Cores\u201d<\/em>, 2019 IEEE International Symposium on Circuits and Systems (ISCAS), Sapporo, Japan, 2019, pp. 1-5. doi: 10.1109\/ISCAS.2019.8702538<\/p>\n<p><a href=\"https:\/\/ieeexplore.ieee.org\/document\/8702538\">View on IEEEXplore\u00ae<\/a><\/p>\n<\/div><\/div><\/div><!-- Timeline Content --><div  id=\"ctl-story-416\" class=\"ctl-story ctl-story-icon odd ctl-story-right\" data-aos=\"none\"   data-story-index=\"21\" role=\"article\"><!-- Story Date --><div class=\"ctl-labels\"><div class=\"ctl-label-big story-date\">February 14<\/div><\/div><!-- Story Icon --><div class=\"ctl-icon\"><i class= \"fa fa fa-comment\" aria-hidden =\"true\"><\/i><\/div> <!-- Story Arrow --><div class=\"ctl-arrow\"><\/div><!-- Story Content --><div class=\"ctl-content\"><!-- Story Title --><div class=\"ctl-title story-416\" aria-label=\"2\">Short Keynote<\/div><!-- Story Description --><div class=\"ctl-description\"><p>Presentation of a short keynote regarding published journal paper <em>&#8220;Dynamic Partial Reconfiguration of Customized Single-Row Accelerators&#8221;<\/em><em>,<\/em> at the 15th edition of national conference <em>REC<\/em>, held at the University of Minho, Guimar\u00e3es.<\/p>\n<p><a href=\"http:\/\/rec2019.dei.uminho.pt\">View Conference Page<\/a> &#8211; <a href=\"https:\/\/pepcc.inesctec.pt\/wp-content\/uploads\/2020\/09\/itvlsi2018.pdf\">View Presentation<\/a><\/p>\n<\/div><\/div><\/div><!-- Story Year Section --><div data-cls=\"sc-nv-light vertical\" class=\"timeline-year scrollable-section ctl-year ctl-year-container light-year\" data-section-title=\"2018\" id=\"year-2018\"><div class=\"ctl-year-label ctl-year-text\"><span>2018<\/span><\/div><\/div><!-- Timeline Content --><div  id=\"ctl-story-243\" class=\"ctl-story ctl-story-icon even ctl-story-left\" data-aos=\"none\"   data-story-index=\"22\" role=\"article\"><!-- Story Date --><div class=\"ctl-labels\"><div class=\"ctl-label-big story-date\">October 23<\/div><\/div><!-- Story Icon --><div class=\"ctl-icon\"><i class= \"fa fa fa fa-file-text\" aria-hidden =\"true\"><\/i><\/div> <!-- Story Arrow --><div class=\"ctl-arrow\"><\/div><!-- Story Content --><div class=\"ctl-content\"><!-- Story Title --><div class=\"ctl-title story-243\" aria-label=\"2\">Journal Publication #1<\/div><!-- Story Media --><div class=\"ctl-media full\"><a data-glightbox=\"Journal Publication #1\" href=\"https:\/\/pepcc.inesctec.pt\/wp-content\/uploads\/2020\/09\/pauli1-2874079-large.gif\" class=\"ctl_glightbox\"><img loading=\"lazy\" decoding=\"async\" width=\"640\" height=\"613\" src=\"https:\/\/pepcc.inesctec.pt\/wp-content\/uploads\/2020\/09\/pauli1-2874079-large.gif\" class=\"story-img wp-post-image\" alt=\"Journal Publication #1\" \/><\/a><\/div><!-- Story Description --><div class=\"ctl-description\"><p>N. M. C. Paulino, J. C. Ferreira and J. M. P. Cardoso, <em>&#8220;Dynamic Partial Reconfiguration of Customized Single-Row Accelerators&#8221;<\/em>, in IEEE Transactions on Very Large Scale Integration (VLSI) Systems, vol. 27, no. 1, pp. 116-125, Jan. 2019.<\/p>\n<p><a href=\"https:\/\/ieeexplore.ieee.org\/document\/8502926\">View on IEEEXplore\u00ae<\/a><\/p>\n<\/div><\/div><\/div><!-- Timeline Content --><div  id=\"ctl-story-217\" class=\"ctl-story ctl-story-icon odd ctl-story-right\" data-aos=\"none\"   data-story-index=\"23\" role=\"article\"><!-- Story Date --><div class=\"ctl-labels\"><div class=\"ctl-label-big story-date\">October 10<\/div><\/div><!-- Story Icon --><div class=\"ctl-icon\"><i class= \"fa fa fa-home\" aria-hidden =\"true\"><\/i><\/div> <!-- Story Arrow --><div class=\"ctl-arrow\"><\/div><!-- Story Content --><div class=\"ctl-content\"><!-- Story Title --><div class=\"ctl-title story-217\" aria-label=\"2\">Project Start<\/div><!-- Story Description --><div class=\"ctl-description\"><p>Start of project!<\/p>\n<\/div><\/div><\/div>\t\t\t\t\t<\/div>\n\t\t\t\t\t<div class=\"ctl-end\"><\/div>\n\t\t\t\t\t\t\t\t\t<\/div>\n\t\t\t<\/div>\n\t\t\t","protected":false},"excerpt":{"rendered":"","protected":false},"author":4,"featured_media":0,"parent":0,"menu_order":0,"comment_status":"closed","ping_status":"closed","template":"","meta":{"footnotes":""},"class_list":["post-213","page","type-page","status-publish","hentry"],"_links":{"self":[{"href":"https:\/\/pepcc.inesctec.pt\/index.php?rest_route=\/wp\/v2\/pages\/213","targetHints":{"allow":["GET"]}}],"collection":[{"href":"https:\/\/pepcc.inesctec.pt\/index.php?rest_route=\/wp\/v2\/pages"}],"about":[{"href":"https:\/\/pepcc.inesctec.pt\/index.php?rest_route=\/wp\/v2\/types\/page"}],"author":[{"embeddable":true,"href":"https:\/\/pepcc.inesctec.pt\/index.php?rest_route=\/wp\/v2\/users\/4"}],"replies":[{"embeddable":true,"href":"https:\/\/pepcc.inesctec.pt\/index.php?rest_route=%2Fwp%2Fv2%2Fcomments&post=213"}],"version-history":[{"count":12,"href":"https:\/\/pepcc.inesctec.pt\/index.php?rest_route=\/wp\/v2\/pages\/213\/revisions"}],"predecessor-version":[{"id":695,"href":"https:\/\/pepcc.inesctec.pt\/index.php?rest_route=\/wp\/v2\/pages\/213\/revisions\/695"}],"wp:attachment":[{"href":"https:\/\/pepcc.inesctec.pt\/index.php?rest_route=%2Fwp%2Fv2%2Fmedia&parent=213"}],"curies":[{"name":"wp","href":"https:\/\/api.w.org\/{rel}","templated":true}]}}